{"id":133,"date":"2022-08-29T16:24:57","date_gmt":"2022-08-29T19:24:57","guid":{"rendered":"https:\/\/www.abert.org.br\/radioemmovimento\/?page_id=133"},"modified":"2022-09-29T15:58:41","modified_gmt":"2022-09-29T18:58:41","slug":"home","status":"publish","type":"page","link":"https:\/\/www.abert.org.br\/radioemmovimento\/","title":{"rendered":"Home"},"content":{"rendered":"\t\t<div data-elementor-type=\"wp-page\" data-elementor-id=\"133\" class=\"elementor elementor-133\">\n\t\t\t\t\t\t<section class=\"elementor-section elementor-top-section elementor-element elementor-element-cd4643a elementor-section-height-full elementor-section-boxed elementor-section-height-default elementor-section-items-middle elementor-invisible\" data-id=\"cd4643a\" data-element_type=\"section\" data-e-type=\"section\" data-settings=\"{&quot;background_background&quot;:&quot;classic&quot;,&quot;animation&quot;:&quot;fadeIn&quot;}\">\n\t\t\t\t\t\t<div class=\"elementor-container elementor-column-gap-default\">\n\t\t\t\t\t<div class=\"elementor-column elementor-col-100 elementor-top-column elementor-element elementor-element-a6a2a45\" data-id=\"a6a2a45\" data-element_type=\"column\" data-e-type=\"column\" data-settings=\"{&quot;background_background&quot;:&quot;classic&quot;}\">\n\t\t\t<div class=\"elementor-widget-wrap elementor-element-populated\">\n\t\t\t\t\t\t<div class=\"elementor-element elementor-element-d350730 elementor-absolute elementor-widget elementor-widget-menu-anchor\" data-id=\"d350730\" data-element_type=\"widget\" data-e-type=\"widget\" data-settings=\"{&quot;_position&quot;:&quot;absolute&quot;}\" data-widget_type=\"menu-anchor.default\">\n\t\t\t\t<div class=\"elementor-widget-container\">\n\t\t\t\t\t\t\t<div class=\"elementor-menu-anchor\" id=\"home\"><\/div>\n\t\t\t\t\t\t<\/div>\n\t\t\t\t<\/div>\n\t\t\t\t<div class=\"elementor-element elementor-element-f03ef53 elementor-widget-mobile__width-inherit elementor-widget elementor-widget-theme-site-logo elementor-widget-image\" data-id=\"f03ef53\" data-element_type=\"widget\" data-e-type=\"widget\" data-settings=\"{&quot;motion_fx_motion_fx_scrolling&quot;:&quot;yes&quot;,&quot;motion_fx_devices&quot;:[&quot;desktop&quot;,&quot;tablet&quot;,&quot;mobile&quot;]}\" data-widget_type=\"theme-site-logo.default\">\n\t\t\t\t<div class=\"elementor-widget-container\">\n\t\t\t\t\t\t\t\t\t\t\t\t\t\t\t\t<a href=\"https:\/\/www.abert.org.br\/radioemmovimento\">\n\t\t\t\t\t\t\t<img fetchpriority=\"high\" decoding=\"async\" width=\"400\" height=\"175\" src=\"https:\/\/www.abert.org.br\/radioemmovimento\/wp-content\/uploads\/2022\/08\/cropped-Radio-em-Movimento_400px.png\" class=\"attachment-full size-full wp-image-131\" alt=\"\" srcset=\"https:\/\/www.abert.org.br\/radioemmovimento\/wp-content\/uploads\/2022\/08\/cropped-Radio-em-Movimento_400px.png 400w, https:\/\/www.abert.org.br\/radioemmovimento\/wp-content\/uploads\/2022\/08\/cropped-Radio-em-Movimento_400px-300x131.png 300w\" sizes=\"(max-width: 400px) 100vw, 400px\" \/>\t\t\t\t\t\t\t\t<\/a>\n\t\t\t\t\t\t\t\t\t\t\t\t\t\t\t<\/div>\n\t\t\t\t<\/div>\n\t\t\t\t<div class=\"elementor-element elementor-element-bb760dd elementor-nav-menu__align-center elementor-nav-menu--dropdown-mobile elementor-nav-menu__text-align-center elementor-widget__width-inherit elementor-nav-menu--stretch elementor-hidden-mobile elementor-nav-menu--toggle elementor-nav-menu--burger elementor-widget elementor-widget-nav-menu\" data-id=\"bb760dd\" data-element_type=\"widget\" data-e-type=\"widget\" data-settings=\"{&quot;full_width&quot;:&quot;stretch&quot;,&quot;layout&quot;:&quot;horizontal&quot;,&quot;submenu_icon&quot;:{&quot;value&quot;:&quot;&lt;i class=\\&quot;fas fa-caret-down\\&quot;&gt;&lt;\\\/i&gt;&quot;,&quot;library&quot;:&quot;fa-solid&quot;},&quot;toggle&quot;:&quot;burger&quot;}\" data-widget_type=\"nav-menu.default\">\n\t\t\t\t<div class=\"elementor-widget-container\">\n\t\t\t\t\t\t\t\t<nav migration_allowed=\"1\" migrated=\"0\" role=\"navigation\" class=\"elementor-nav-menu--main elementor-nav-menu__container elementor-nav-menu--layout-horizontal e--pointer-underline e--animation-fade\">\n\t\t\t\t<ul id=\"menu-1-bb760dd\" class=\"elementor-nav-menu\"><li class=\"menu-item menu-item-type-custom menu-item-object-custom menu-item-home menu-item-566\"><a href=\"https:\/\/www.abert.org.br\/radioemmovimento\/#home\" class=\"elementor-item elementor-item-anchor\">Home<\/a><\/li>\n<li class=\"menu-item menu-item-type-custom menu-item-object-custom menu-item-home menu-item-81\"><a href=\"https:\/\/www.abert.org.br\/radioemmovimento\/#exposicao\" class=\"elementor-item elementor-item-anchor\">A exposi\u00e7\u00e3o<\/a><\/li>\n<li class=\"menu-item menu-item-type-custom menu-item-object-custom menu-item-84\"><a href=\"#votacao\" class=\"elementor-item elementor-item-anchor\">Artistas<\/a><\/li>\n<li class=\"menu-item menu-item-type-custom menu-item-object-custom menu-item-home menu-item-2932\"><a href=\"https:\/\/www.abert.org.br\/radioemmovimento\/#blog\" class=\"elementor-item elementor-item-anchor\">Blog<\/a><\/li>\n<li class=\"menu-item menu-item-type-custom menu-item-object-custom menu-item-home menu-item-2351\"><a href=\"https:\/\/www.abert.org.br\/radioemmovimento\/#ap\" class=\"elementor-item elementor-item-anchor\">Agradecimentos e Parceiros<\/a><\/li>\n<\/ul>\t\t\t<\/nav>\n\t\t\t\t\t<div class=\"elementor-menu-toggle\" role=\"button\" tabindex=\"0\" aria-label=\"Alternar menu\" aria-expanded=\"false\">\n\t\t\t<i aria-hidden=\"true\" role=\"presentation\" class=\"elementor-menu-toggle__icon--open eicon-menu-bar\"><\/i><i aria-hidden=\"true\" role=\"presentation\" class=\"elementor-menu-toggle__icon--close eicon-close\"><\/i>\t\t\t<span class=\"elementor-screen-only\">Menu<\/span>\n\t\t<\/div>\n\t\t\t<nav class=\"elementor-nav-menu--dropdown elementor-nav-menu__container\" role=\"navigation\" aria-hidden=\"true\">\n\t\t\t\t<ul id=\"menu-2-bb760dd\" class=\"elementor-nav-menu\"><li class=\"menu-item menu-item-type-custom menu-item-object-custom menu-item-home menu-item-566\"><a href=\"https:\/\/www.abert.org.br\/radioemmovimento\/#home\" class=\"elementor-item elementor-item-anchor\" tabindex=\"-1\">Home<\/a><\/li>\n<li class=\"menu-item menu-item-type-custom menu-item-object-custom menu-item-home menu-item-81\"><a href=\"https:\/\/www.abert.org.br\/radioemmovimento\/#exposicao\" class=\"elementor-item elementor-item-anchor\" tabindex=\"-1\">A exposi\u00e7\u00e3o<\/a><\/li>\n<li class=\"menu-item menu-item-type-custom menu-item-object-custom menu-item-84\"><a href=\"#votacao\" class=\"elementor-item elementor-item-anchor\" tabindex=\"-1\">Artistas<\/a><\/li>\n<li class=\"menu-item menu-item-type-custom menu-item-object-custom menu-item-home menu-item-2932\"><a href=\"https:\/\/www.abert.org.br\/radioemmovimento\/#blog\" class=\"elementor-item elementor-item-anchor\" tabindex=\"-1\">Blog<\/a><\/li>\n<li class=\"menu-item menu-item-type-custom menu-item-object-custom menu-item-home menu-item-2351\"><a href=\"https:\/\/www.abert.org.br\/radioemmovimento\/#ap\" class=\"elementor-item elementor-item-anchor\" tabindex=\"-1\">Agradecimentos e Parceiros<\/a><\/li>\n<\/ul>\t\t\t<\/nav>\n\t\t\t\t\t\t<\/div>\n\t\t\t\t<\/div>\n\t\t\t\t<div class=\"elementor-element elementor-element-943e55b elementor-widget__width-inherit elementor-widget elementor-widget-image\" data-id=\"943e55b\" data-element_type=\"widget\" data-e-type=\"widget\" data-widget_type=\"image.default\">\n\t\t\t\t<div class=\"elementor-widget-container\">\n\t\t\t\t\t\t\t\t\t\t\t\t\t\t\t<img decoding=\"async\" width=\"800\" height=\"113\" src=\"https:\/\/www.abert.org.br\/radioemmovimento\/wp-content\/uploads\/2022\/08\/assinaturas-alfa-1-1024x144.png\" class=\"attachment-large size-large wp-image-207\" alt=\"\" srcset=\"https:\/\/www.abert.org.br\/radioemmovimento\/wp-content\/uploads\/2022\/08\/assinaturas-alfa-1-1024x144.png 1024w, https:\/\/www.abert.org.br\/radioemmovimento\/wp-content\/uploads\/2022\/08\/assinaturas-alfa-1-300x42.png 300w, https:\/\/www.abert.org.br\/radioemmovimento\/wp-content\/uploads\/2022\/08\/assinaturas-alfa-1-768x108.png 768w, https:\/\/www.abert.org.br\/radioemmovimento\/wp-content\/uploads\/2022\/08\/assinaturas-alfa-1.png 1080w\" sizes=\"(max-width: 800px) 100vw, 800px\" \/>\t\t\t\t\t\t\t\t\t\t\t\t\t\t\t<\/div>\n\t\t\t\t<\/div>\n\t\t\t\t\t<\/div>\n\t\t<\/div>\n\t\t\t\t\t<\/div>\n\t\t<\/section>\n\t\t\t\t<section class=\"elementor-section elementor-top-section elementor-element elementor-element-b5d53f1 elementor-section-stretched elementor-hidden-tablet elementor-hidden-mobile elementor-section-boxed elementor-section-height-default elementor-section-height-default\" data-id=\"b5d53f1\" data-element_type=\"section\" data-e-type=\"section\" data-settings=\"{&quot;background_background&quot;:&quot;classic&quot;,&quot;stretch_section&quot;:&quot;section-stretched&quot;,&quot;sticky&quot;:&quot;top&quot;,&quot;sticky_on&quot;:[&quot;desktop&quot;,&quot;tablet&quot;,&quot;mobile&quot;],&quot;sticky_offset&quot;:0,&quot;sticky_effects_offset&quot;:0}\">\n\t\t\t\t\t\t<div class=\"elementor-container elementor-column-gap-default\">\n\t\t\t\t\t<div class=\"elementor-column elementor-col-50 elementor-top-column elementor-element elementor-element-25ff6b2\" data-id=\"25ff6b2\" data-element_type=\"column\" data-e-type=\"column\">\n\t\t\t<div class=\"elementor-widget-wrap elementor-element-populated\">\n\t\t\t\t\t\t<div class=\"elementor-element elementor-element-b538374 elementor-widget elementor-widget-image\" data-id=\"b538374\" data-element_type=\"widget\" data-e-type=\"widget\" data-widget_type=\"image.default\">\n\t\t\t\t<div class=\"elementor-widget-container\">\n\t\t\t\t\t\t\t\t\t\t\t\t\t\t\t\t<a href=\"https:\/\/www.abert.org.br\/radioemmovimento\">\n\t\t\t\t\t\t\t<img decoding=\"async\" width=\"300\" height=\"132\" src=\"https:\/\/www.abert.org.br\/radioemmovimento\/wp-content\/uploads\/2022\/08\/Radio-em-Movimento_300px.png\" class=\"attachment-large size-large wp-image-621\" alt=\"\" \/>\t\t\t\t\t\t\t\t<\/a>\n\t\t\t\t\t\t\t\t\t\t\t\t\t\t\t<\/div>\n\t\t\t\t<\/div>\n\t\t\t\t\t<\/div>\n\t\t<\/div>\n\t\t\t\t<div class=\"elementor-column elementor-col-50 elementor-top-column elementor-element elementor-element-7828868\" data-id=\"7828868\" data-element_type=\"column\" data-e-type=\"column\">\n\t\t\t<div class=\"elementor-widget-wrap elementor-element-populated\">\n\t\t\t\t\t\t<div class=\"elementor-element elementor-element-576f626 elementor-nav-menu__align-right elementor-nav-menu--dropdown-tablet elementor-nav-menu__text-align-aside elementor-widget elementor-widget-nav-menu\" data-id=\"576f626\" data-element_type=\"widget\" data-e-type=\"widget\" data-settings=\"{&quot;layout&quot;:&quot;horizontal&quot;,&quot;submenu_icon&quot;:{&quot;value&quot;:&quot;&lt;i class=\\&quot;fas fa-caret-down\\&quot;&gt;&lt;\\\/i&gt;&quot;,&quot;library&quot;:&quot;fa-solid&quot;}}\" data-widget_type=\"nav-menu.default\">\n\t\t\t\t<div class=\"elementor-widget-container\">\n\t\t\t\t\t\t\t\t<nav migration_allowed=\"1\" migrated=\"0\" role=\"navigation\" class=\"elementor-nav-menu--main elementor-nav-menu__container elementor-nav-menu--layout-horizontal e--pointer-underline e--animation-fade\">\n\t\t\t\t<ul id=\"menu-1-576f626\" class=\"elementor-nav-menu\"><li class=\"menu-item menu-item-type-custom menu-item-object-custom menu-item-home menu-item-566\"><a href=\"https:\/\/www.abert.org.br\/radioemmovimento\/#home\" class=\"elementor-item elementor-item-anchor\">Home<\/a><\/li>\n<li class=\"menu-item menu-item-type-custom menu-item-object-custom menu-item-home menu-item-81\"><a href=\"https:\/\/www.abert.org.br\/radioemmovimento\/#exposicao\" class=\"elementor-item elementor-item-anchor\">A exposi\u00e7\u00e3o<\/a><\/li>\n<li class=\"menu-item menu-item-type-custom menu-item-object-custom menu-item-84\"><a href=\"#votacao\" class=\"elementor-item elementor-item-anchor\">Artistas<\/a><\/li>\n<li class=\"menu-item menu-item-type-custom menu-item-object-custom menu-item-home menu-item-2932\"><a href=\"https:\/\/www.abert.org.br\/radioemmovimento\/#blog\" class=\"elementor-item elementor-item-anchor\">Blog<\/a><\/li>\n<li class=\"menu-item menu-item-type-custom menu-item-object-custom menu-item-home menu-item-2351\"><a href=\"https:\/\/www.abert.org.br\/radioemmovimento\/#ap\" class=\"elementor-item elementor-item-anchor\">Agradecimentos e Parceiros<\/a><\/li>\n<\/ul>\t\t\t<\/nav>\n\t\t\t\t\t<div class=\"elementor-menu-toggle\" role=\"button\" tabindex=\"0\" aria-label=\"Alternar menu\" aria-expanded=\"false\">\n\t\t\t<i aria-hidden=\"true\" role=\"presentation\" class=\"elementor-menu-toggle__icon--open eicon-menu-bar\"><\/i><i aria-hidden=\"true\" role=\"presentation\" class=\"elementor-menu-toggle__icon--close eicon-close\"><\/i>\t\t\t<span class=\"elementor-screen-only\">Menu<\/span>\n\t\t<\/div>\n\t\t\t<nav class=\"elementor-nav-menu--dropdown elementor-nav-menu__container\" role=\"navigation\" aria-hidden=\"true\">\n\t\t\t\t<ul id=\"menu-2-576f626\" class=\"elementor-nav-menu\"><li class=\"menu-item menu-item-type-custom menu-item-object-custom menu-item-home menu-item-566\"><a href=\"https:\/\/www.abert.org.br\/radioemmovimento\/#home\" class=\"elementor-item elementor-item-anchor\" tabindex=\"-1\">Home<\/a><\/li>\n<li class=\"menu-item menu-item-type-custom menu-item-object-custom menu-item-home menu-item-81\"><a href=\"https:\/\/www.abert.org.br\/radioemmovimento\/#exposicao\" class=\"elementor-item elementor-item-anchor\" tabindex=\"-1\">A exposi\u00e7\u00e3o<\/a><\/li>\n<li class=\"menu-item menu-item-type-custom menu-item-object-custom menu-item-84\"><a href=\"#votacao\" class=\"elementor-item elementor-item-anchor\" tabindex=\"-1\">Artistas<\/a><\/li>\n<li class=\"menu-item menu-item-type-custom menu-item-object-custom menu-item-home menu-item-2932\"><a href=\"https:\/\/www.abert.org.br\/radioemmovimento\/#blog\" class=\"elementor-item elementor-item-anchor\" tabindex=\"-1\">Blog<\/a><\/li>\n<li class=\"menu-item menu-item-type-custom menu-item-object-custom menu-item-home menu-item-2351\"><a href=\"https:\/\/www.abert.org.br\/radioemmovimento\/#ap\" class=\"elementor-item elementor-item-anchor\" tabindex=\"-1\">Agradecimentos e Parceiros<\/a><\/li>\n<\/ul>\t\t\t<\/nav>\n\t\t\t\t\t\t<\/div>\n\t\t\t\t<\/div>\n\t\t\t\t\t<\/div>\n\t\t<\/div>\n\t\t\t\t\t<\/div>\n\t\t<\/section>\n\t\t\t\t<section class=\"elementor-section elementor-top-section elementor-element elementor-element-8408e73 elementor-section-height-full elementor-section-boxed elementor-section-height-default elementor-section-items-middle\" data-id=\"8408e73\" data-element_type=\"section\" data-e-type=\"section\" data-settings=\"{&quot;background_background&quot;:&quot;classic&quot;,&quot;background_motion_fx_motion_fx_scrolling&quot;:&quot;yes&quot;,&quot;background_motion_fx_devices&quot;:[&quot;desktop&quot;,&quot;tablet&quot;,&quot;mobile&quot;]}\">\n\t\t\t\t\t\t<div class=\"elementor-container elementor-column-gap-default\">\n\t\t\t\t\t<div class=\"elementor-column elementor-col-100 elementor-top-column elementor-element elementor-element-fce17be\" data-id=\"fce17be\" data-element_type=\"column\" data-e-type=\"column\">\n\t\t\t<div class=\"elementor-widget-wrap elementor-element-populated\">\n\t\t\t\t\t\t<div class=\"elementor-element elementor-element-1c20435 elementor-absolute elementor-widget elementor-widget-menu-anchor\" data-id=\"1c20435\" data-element_type=\"widget\" data-e-type=\"widget\" data-settings=\"{&quot;_position&quot;:&quot;absolute&quot;}\" data-widget_type=\"menu-anchor.default\">\n\t\t\t\t<div class=\"elementor-widget-container\">\n\t\t\t\t\t\t\t<div class=\"elementor-menu-anchor\" id=\"exposicao\"><\/div>\n\t\t\t\t\t\t<\/div>\n\t\t\t\t<\/div>\n\t\t\t\t<div class=\"elementor-element elementor-element-e7a38f3 elementor-widget elementor-widget-heading\" data-id=\"e7a38f3\" data-element_type=\"widget\" data-e-type=\"widget\" data-widget_type=\"heading.default\">\n\t\t\t\t<div class=\"elementor-widget-container\">\n\t\t\t\t\t<h2 class=\"elementor-heading-title elementor-size-default\">A EXPOSI\u00c7\u00c3O<\/h2>\t\t\t\t<\/div>\n\t\t\t\t<\/div>\n\t\t\t\t<div class=\"elementor-element elementor-element-fc37074 elementor-widget elementor-widget-text-editor\" data-id=\"fc37074\" data-element_type=\"widget\" data-e-type=\"widget\" data-widget_type=\"text-editor.default\">\n\t\t\t\t<div class=\"elementor-widget-container\">\n\t\t\t\t\t\t\t\t\t<p><span style=\"font-weight: 400;\">A Mostra <span style=\"color: #ff00ff;\">\u201cR\u00e1dio em Movimento\u201d<\/span> une arte e cultura ao homenagear o centen\u00e1rio do r\u00e1dio e da Semana de Arte Moderna. A ABERT contou com o apoio das associa\u00e7\u00f5es estaduais de radiodifus\u00e3o. S\u00e3o 81 r\u00e1dios modelo capelinha, um dos mais populares da d\u00e9cada de 1940, personalizados por tr\u00eas artistas de cada estado brasileiro e do Distrito Federal. Escolha o seu preferido entre 7 e 25 de setembro. O\u00a0mais votado de cada estado ser\u00e1 exposto, em novembro, no Museu Nacional da Rep\u00fablica, em Bras\u00edlia, quando a ABERT comemora 60 anos de funda\u00e7\u00e3o.<\/span><\/p>\t\t\t\t\t\t\t\t<\/div>\n\t\t\t\t<\/div>\n\t\t\t\t\t<\/div>\n\t\t<\/div>\n\t\t\t\t\t<\/div>\n\t\t<\/section>\n\t\t\t\t<section class=\"elementor-section elementor-top-section elementor-element elementor-element-1b8f44e elementor-section-height-full elementor-section-boxed elementor-section-height-default elementor-section-items-middle\" data-id=\"1b8f44e\" data-element_type=\"section\" data-e-type=\"section\" data-settings=\"{&quot;background_background&quot;:&quot;classic&quot;,&quot;background_motion_fx_motion_fx_scrolling&quot;:&quot;yes&quot;,&quot;background_motion_fx_devices&quot;:[&quot;desktop&quot;,&quot;tablet&quot;,&quot;mobile&quot;]}\">\n\t\t\t\t\t\t<div class=\"elementor-container elementor-column-gap-default\">\n\t\t\t\t\t<div class=\"elementor-column elementor-col-50 elementor-top-column elementor-element elementor-element-00d6aab\" data-id=\"00d6aab\" data-element_type=\"column\" data-e-type=\"column\">\n\t\t\t<div class=\"elementor-widget-wrap elementor-element-populated\">\n\t\t\t\t\t\t<div class=\"elementor-element elementor-element-0ce7a5c elementor-absolute elementor-widget elementor-widget-menu-anchor\" data-id=\"0ce7a5c\" data-element_type=\"widget\" data-e-type=\"widget\" data-settings=\"{&quot;_position&quot;:&quot;absolute&quot;}\" data-widget_type=\"menu-anchor.default\">\n\t\t\t\t<div class=\"elementor-widget-container\">\n\t\t\t\t\t\t\t<div class=\"elementor-menu-anchor\" id=\"votacao\"><\/div>\n\t\t\t\t\t\t<\/div>\n\t\t\t\t<\/div>\n\t\t\t\t<div class=\"elementor-element elementor-element-05be83c elementor-widget__width-inherit elementor-widget-mobile__width-initial elementor-widget elementor-widget-image\" data-id=\"05be83c\" data-element_type=\"widget\" data-e-type=\"widget\" data-settings=\"{&quot;motion_fx_motion_fx_scrolling&quot;:&quot;yes&quot;,&quot;motion_fx_translateX_effect&quot;:&quot;yes&quot;,&quot;motion_fx_translateX_direction&quot;:&quot;negative&quot;,&quot;motion_fx_translateX_speed&quot;:{&quot;unit&quot;:&quot;px&quot;,&quot;size&quot;:2.20000000000000017763568394002504646778106689453125,&quot;sizes&quot;:[]},&quot;motion_fx_translateX_affectedRange&quot;:{&quot;unit&quot;:&quot;%&quot;,&quot;size&quot;:&quot;&quot;,&quot;sizes&quot;:{&quot;start&quot;:0,&quot;end&quot;:51}},&quot;motion_fx_devices&quot;:[&quot;desktop&quot;,&quot;tablet&quot;,&quot;mobile&quot;]}\" data-widget_type=\"image.default\">\n\t\t\t\t<div class=\"elementor-widget-container\">\n\t\t\t\t\t\t\t\t\t\t\t\t\t\t\t<img loading=\"lazy\" decoding=\"async\" width=\"300\" height=\"300\" src=\"https:\/\/www.abert.org.br\/radioemmovimento\/wp-content\/uploads\/2022\/08\/cropped-Radio-em-Movimento_fav-icon-300x300.png\" class=\"attachment-medium size-medium wp-image-129\" alt=\"\" srcset=\"https:\/\/www.abert.org.br\/radioemmovimento\/wp-content\/uploads\/2022\/08\/cropped-Radio-em-Movimento_fav-icon-300x300.png 300w, https:\/\/www.abert.org.br\/radioemmovimento\/wp-content\/uploads\/2022\/08\/cropped-Radio-em-Movimento_fav-icon-150x150.png 150w, https:\/\/www.abert.org.br\/radioemmovimento\/wp-content\/uploads\/2022\/08\/cropped-Radio-em-Movimento_fav-icon-270x270.png 270w, https:\/\/www.abert.org.br\/radioemmovimento\/wp-content\/uploads\/2022\/08\/cropped-Radio-em-Movimento_fav-icon-192x192.png 192w, https:\/\/www.abert.org.br\/radioemmovimento\/wp-content\/uploads\/2022\/08\/cropped-Radio-em-Movimento_fav-icon-180x180.png 180w, https:\/\/www.abert.org.br\/radioemmovimento\/wp-content\/uploads\/2022\/08\/cropped-Radio-em-Movimento_fav-icon-32x32.png 32w, https:\/\/www.abert.org.br\/radioemmovimento\/wp-content\/uploads\/2022\/08\/cropped-Radio-em-Movimento_fav-icon.png 512w\" sizes=\"(max-width: 300px) 100vw, 300px\" \/>\t\t\t\t\t\t\t\t\t\t\t\t\t\t\t<\/div>\n\t\t\t\t<\/div>\n\t\t\t\t\t<\/div>\n\t\t<\/div>\n\t\t\t\t<div class=\"elementor-column elementor-col-50 elementor-top-column elementor-element elementor-element-85dd5ef\" data-id=\"85dd5ef\" data-element_type=\"column\" data-e-type=\"column\">\n\t\t\t<div class=\"elementor-widget-wrap elementor-element-populated\">\n\t\t\t\t\t\t<div class=\"elementor-element elementor-element-0b571d3 elementor-widget elementor-widget-heading\" data-id=\"0b571d3\" data-element_type=\"widget\" data-e-type=\"widget\" data-widget_type=\"heading.default\">\n\t\t\t\t<div class=\"elementor-widget-container\">\n\t\t\t\t\t<h2 class=\"elementor-heading-title elementor-size-default\">CONFIRA OS R\u00c1DIOS DE CADA UF<\/h2>\t\t\t\t<\/div>\n\t\t\t\t<\/div>\n\t\t\t\t<div class=\"elementor-element elementor-element-f8bbc3c elementor-widget__width-auto elementor-widget elementor-widget-wp-widget-jp_dropdown_menu_widget\" data-id=\"f8bbc3c\" data-element_type=\"widget\" data-e-type=\"widget\" data-widget_type=\"wp-widget-jp_dropdown_menu_widget.default\">\n\t\t\t\t<div class=\"elementor-widget-container\">\n\t\t\t\t\t<label class=\"screen-reader-text\" for=\"select_jp_dropdown_menu_widget-REPLACE_TO_ID\"><\/label><select name=\"pd_jp_dropdown_menu_widget-REPLACE_TO_ID\" id=\"select_jp_dropdown_menu_widget-REPLACE_TO_ID\"><option class=\"pd_first\" value=\"#\">Selecione aqui seu Estado<\/option><option value=\"https:\/\/www.abert.org.br\/radioemmovimento\/ac\/\" class=\"pd_tld\" >Acre<\/option><option value=\"https:\/\/www.abert.org.br\/radioemmovimento\/al\/\" class=\"pd_tld\" >Alagoas<\/option><option value=\"https:\/\/www.abert.org.br\/radioemmovimento\/ap\/\" class=\"pd_tld\" >Amap\u00e1<\/option><option value=\"https:\/\/www.abert.org.br\/radioemmovimento\/am\/\" class=\"pd_tld\" >Amazonas<\/option><option value=\"https:\/\/www.abert.org.br\/radioemmovimento\/ba\/\" class=\"pd_tld\" >Bahia<\/option><option value=\"https:\/\/www.abert.org.br\/radioemmovimento\/ce\/\" class=\"pd_tld\" >Cear\u00e1<\/option><option value=\"https:\/\/www.abert.org.br\/radioemmovimento\/df\/\" class=\"pd_tld\" >Distrito Federal<\/option><option value=\"https:\/\/www.abert.org.br\/radioemmovimento\/es\/\" class=\"pd_tld\" >Esp\u00edrito Santo<\/option><option value=\"https:\/\/www.abert.org.br\/radioemmovimento\/go\/\" class=\"pd_tld\" >Goi\u00e1s<\/option><option value=\"https:\/\/www.abert.org.br\/radioemmovimento\/ma\/\" class=\"pd_tld\" >Maranh\u00e3o<\/option><option value=\"https:\/\/www.abert.org.br\/radioemmovimento\/mt\/\" class=\"pd_tld\" >Mato Grosso<\/option><option value=\"https:\/\/www.abert.org.br\/radioemmovimento\/ms\/\" class=\"pd_tld\" >Mato Grosso do Sul<\/option><option value=\"https:\/\/www.abert.org.br\/radioemmovimento\/mg\/\" class=\"pd_tld\" >Minas Gerais<\/option><option value=\"https:\/\/www.abert.org.br\/radioemmovimento\/pa\/\" class=\"pd_tld\" >Par\u00e1<\/option><option value=\"https:\/\/www.abert.org.br\/radioemmovimento\/pb\/\" class=\"pd_tld\" >Para\u00edba<\/option><option value=\"https:\/\/www.abert.org.br\/radioemmovimento\/pr\/\" class=\"pd_tld\" >Paran\u00e1<\/option><option value=\"https:\/\/www.abert.org.br\/radioemmovimento\/pe\/\" class=\"pd_tld\" >Pernambuco<\/option><option value=\"https:\/\/www.abert.org.br\/radioemmovimento\/pi\/\" class=\"pd_tld\" >Piau\u00ed<\/option><option value=\"https:\/\/www.abert.org.br\/radioemmovimento\/rj\/\" class=\"pd_tld\" >Rio de Janeiro<\/option><option value=\"https:\/\/www.abert.org.br\/radioemmovimento\/rn\/\" class=\"pd_tld\" >Rio Grande do Norte<\/option><option value=\"https:\/\/www.abert.org.br\/radioemmovimento\/rs\/\" class=\"pd_tld\" >Rio Grande do Sul<\/option><option value=\"https:\/\/www.abert.org.br\/radioemmovimento\/ro\/\" class=\"pd_tld\" >Rond\u00f4nia<\/option><option value=\"https:\/\/www.abert.org.br\/radioemmovimento\/rr\/\" class=\"pd_tld\" >Roraima<\/option><option value=\"https:\/\/www.abert.org.br\/radioemmovimento\/sc\/\" class=\"pd_tld\" >Santa Catarina<\/option><option value=\"https:\/\/www.abert.org.br\/radioemmovimento\/sp\/\" class=\"pd_tld\" >S\u00e3o Paulo<\/option><option value=\"https:\/\/www.abert.org.br\/radioemmovimento\/se\/\" class=\"pd_tld\" >Sergipe<\/option><option value=\"https:\/\/www.abert.org.br\/radioemmovimento\/to\/\" class=\"pd_tld\" >Tocantins<\/option><\/select>                <script type=\"text\/javascript\">\n\t\t\t\t\/* <![CDATA[ *\/\n\t\t\t\t(function() {\n\t\t\t\t\tdocument.getElementById('select_jp_dropdown_menu_widget-REPLACE_TO_ID').onchange = function(e) {\n                        let destination = document.getElementById('select_jp_dropdown_menu_widget-REPLACE_TO_ID').value;\n                        if ( destination != \"#\" ) {\n                            if(\/iPhone\/i.test(navigator.userAgent)) {\n                                window.location = destination; \/\/ Always open in the same window for iOSd\n                            } else {    \n\t\t\t\t\t\t\t    window.location = destination;\n                            }\n\t\t\t\t\t\t}\n\t\t\t\t\t};\n\t\t\t\t})();\n\t\t\t\t\/* ]]> *\/\n\t\t\t\t<\/script>\t\t\t\t<\/div>\n\t\t\t\t<\/div>\n\t\t\t\t\t<\/div>\n\t\t<\/div>\n\t\t\t\t\t<\/div>\n\t\t<\/section>\n\t\t\t\t<section class=\"elementor-section elementor-top-section elementor-element elementor-element-e9384f8 elementor-section-height-full elementor-section-boxed elementor-section-height-default elementor-section-items-middle\" data-id=\"e9384f8\" data-element_type=\"section\" data-e-type=\"section\" data-settings=\"{&quot;background_background&quot;:&quot;classic&quot;,&quot;background_motion_fx_motion_fx_scrolling&quot;:&quot;yes&quot;,&quot;background_motion_fx_devices&quot;:[&quot;desktop&quot;,&quot;tablet&quot;,&quot;mobile&quot;]}\">\n\t\t\t\t\t\t<div class=\"elementor-container elementor-column-gap-default\">\n\t\t\t\t\t<div class=\"elementor-column elementor-col-100 elementor-top-column elementor-element elementor-element-601103a\" data-id=\"601103a\" data-element_type=\"column\" data-e-type=\"column\">\n\t\t\t<div class=\"elementor-widget-wrap elementor-element-populated\">\n\t\t\t\t\t\t<div class=\"elementor-element elementor-element-cc808b8 elementor-widget elementor-widget-heading\" data-id=\"cc808b8\" data-element_type=\"widget\" data-e-type=\"widget\" data-widget_type=\"heading.default\">\n\t\t\t\t<div class=\"elementor-widget-container\">\n\t\t\t\t\t<h2 class=\"elementor-heading-title elementor-size-default\">BLOG<\/h2>\t\t\t\t<\/div>\n\t\t\t\t<\/div>\n\t\t\t\t<div class=\"elementor-element elementor-element-6652f5a elementor-absolute elementor-widget elementor-widget-menu-anchor\" data-id=\"6652f5a\" data-element_type=\"widget\" data-e-type=\"widget\" data-settings=\"{&quot;_position&quot;:&quot;absolute&quot;}\" data-widget_type=\"menu-anchor.default\">\n\t\t\t\t<div class=\"elementor-widget-container\">\n\t\t\t\t\t\t\t<div class=\"elementor-menu-anchor\" id=\"blog\"><\/div>\n\t\t\t\t\t\t<\/div>\n\t\t\t\t<\/div>\n\t\t\t\t<div class=\"elementor-element elementor-element-680a39a elementor-grid-tablet-3 elementor-grid-3 elementor-grid-mobile-1 elementor-posts--thumbnail-top elementor-card-shadow-yes elementor-posts__hover-gradient elementor-widget elementor-widget-posts\" data-id=\"680a39a\" data-element_type=\"widget\" data-e-type=\"widget\" data-settings=\"{&quot;cards_row_gap&quot;:{&quot;unit&quot;:&quot;px&quot;,&quot;size&quot;:33,&quot;sizes&quot;:[]},&quot;cards_columns_tablet&quot;:&quot;3&quot;,&quot;cards_columns&quot;:&quot;3&quot;,&quot;cards_columns_mobile&quot;:&quot;1&quot;,&quot;cards_row_gap_tablet&quot;:{&quot;unit&quot;:&quot;px&quot;,&quot;size&quot;:&quot;&quot;,&quot;sizes&quot;:[]},&quot;cards_row_gap_mobile&quot;:{&quot;unit&quot;:&quot;px&quot;,&quot;size&quot;:&quot;&quot;,&quot;sizes&quot;:[]}}\" data-widget_type=\"posts.cards\">\n\t\t\t\t<div class=\"elementor-widget-container\">\n\t\t\t\t\t\t\t<div class=\"elementor-posts-container elementor-posts elementor-posts--skin-cards elementor-grid\">\n\t\t\t\t<article class=\"elementor-post elementor-grid-item post-3007 post type-post status-publish format-standard has-post-thumbnail hentry category-noticias\">\n\t\t\t<div class=\"elementor-post__card\">\n\t\t\t\t<a class=\"elementor-post__thumbnail__link\" href=\"https:\/\/www.abert.org.br\/radioemmovimento\/os-radios-finalistas-chegaram-ao-distrito-federal\/\" ><div class=\"elementor-post__thumbnail\"><img loading=\"lazy\" decoding=\"async\" width=\"300\" height=\"200\" src=\"https:\/\/www.abert.org.br\/radioemmovimento\/wp-content\/uploads\/2022\/10\/arte_radios_galeria1-300x200.png\" class=\"attachment-medium size-medium wp-image-3008\" alt=\"\" srcset=\"https:\/\/www.abert.org.br\/radioemmovimento\/wp-content\/uploads\/2022\/10\/arte_radios_galeria1-300x200.png 300w, https:\/\/www.abert.org.br\/radioemmovimento\/wp-content\/uploads\/2022\/10\/arte_radios_galeria1-1024x683.png 1024w, https:\/\/www.abert.org.br\/radioemmovimento\/wp-content\/uploads\/2022\/10\/arte_radios_galeria1-768x512.png 768w, https:\/\/www.abert.org.br\/radioemmovimento\/wp-content\/uploads\/2022\/10\/arte_radios_galeria1.png 1200w\" sizes=\"(max-width: 300px) 100vw, 300px\" \/><\/div><\/a>\n\t\t\t\t<div class=\"elementor-post__badge\">Not\u00edcias<\/div>\n\t\t\t\t<div class=\"elementor-post__text\">\n\t\t\t\t<h3 class=\"elementor-post__title\">\n\t\t\t<a href=\"https:\/\/www.abert.org.br\/radioemmovimento\/os-radios-finalistas-chegaram-ao-distrito-federal\/\" >\n\t\t\t\tOs r\u00e1dios finalistas chegaram ao Distrito Federal!\t\t\t<\/a>\n\t\t<\/h3>\n\t\t\t\t<div class=\"elementor-post__excerpt\">\n\t\t\t<p>Os 27 aparelhos modelo capelinha estilizados por artistas pl\u00e1sticos dos 26 estados e do Distrito Federal j\u00e1 est\u00e3o em Bras\u00edlia para a Mostra R\u00e1dio em<\/p>\n\t\t<\/div>\n\t\t\n\t\t<a class=\"elementor-post__read-more\" href=\"https:\/\/www.abert.org.br\/radioemmovimento\/os-radios-finalistas-chegaram-ao-distrito-federal\/\" >\n\t\t\tLeia mais \u00bb\t\t<\/a>\n\n\t\t\t\t<\/div>\n\t\t\t\t<div class=\"elementor-post__meta-data\">\n\t\t\t\t\t<span class=\"elementor-post-date\">\n\t\t\t28\/10\/2022\t\t<\/span>\n\t\t\t\t<\/div>\n\t\t\t\t\t<\/div>\n\t\t<\/article>\n\t\t\t\t<article class=\"elementor-post elementor-grid-item post-2961 post type-post status-publish format-standard has-post-thumbnail hentry category-noticias\">\n\t\t\t<div class=\"elementor-post__card\">\n\t\t\t\t<a class=\"elementor-post__thumbnail__link\" href=\"https:\/\/www.abert.org.br\/radioemmovimento\/parabens-vencedores\/\" ><div class=\"elementor-post__thumbnail\"><img loading=\"lazy\" decoding=\"async\" width=\"240\" height=\"300\" src=\"https:\/\/www.abert.org.br\/radioemmovimento\/wp-content\/uploads\/2022\/09\/obras_vencedoras_radioemmovimento-240x300.jpeg\" class=\"attachment-medium size-medium wp-image-2962\" alt=\"\" srcset=\"https:\/\/www.abert.org.br\/radioemmovimento\/wp-content\/uploads\/2022\/09\/obras_vencedoras_radioemmovimento-240x300.jpeg 240w, https:\/\/www.abert.org.br\/radioemmovimento\/wp-content\/uploads\/2022\/09\/obras_vencedoras_radioemmovimento-819x1024.jpeg 819w, https:\/\/www.abert.org.br\/radioemmovimento\/wp-content\/uploads\/2022\/09\/obras_vencedoras_radioemmovimento-768x960.jpeg 768w, https:\/\/www.abert.org.br\/radioemmovimento\/wp-content\/uploads\/2022\/09\/obras_vencedoras_radioemmovimento.jpeg 1024w\" sizes=\"(max-width: 240px) 100vw, 240px\" \/><\/div><\/a>\n\t\t\t\t<div class=\"elementor-post__badge\">Not\u00edcias<\/div>\n\t\t\t\t<div class=\"elementor-post__text\">\n\t\t\t\t<h3 class=\"elementor-post__title\">\n\t\t\t<a href=\"https:\/\/www.abert.org.br\/radioemmovimento\/parabens-vencedores\/\" >\n\t\t\t\tParab\u00e9ns, vencedores!\t\t\t<\/a>\n\t\t<\/h3>\n\t\t\t\t<div class=\"elementor-post__excerpt\">\n\t\t\t<p>As obras escolhidas ser\u00e3o expostas no Museu Nacional da Rep\u00fablica, em Bras\u00edlia, nos dias 16 e 17 de novembro, no 29\u00ba Congresso Brasileiro de Radiodifus\u00e3o.<\/p>\n\t\t<\/div>\n\t\t\n\t\t<a class=\"elementor-post__read-more\" href=\"https:\/\/www.abert.org.br\/radioemmovimento\/parabens-vencedores\/\" >\n\t\t\tLeia mais \u00bb\t\t<\/a>\n\n\t\t\t\t<\/div>\n\t\t\t\t<div class=\"elementor-post__meta-data\">\n\t\t\t\t\t<span class=\"elementor-post-date\">\n\t\t\t26\/09\/2022\t\t<\/span>\n\t\t\t\t<\/div>\n\t\t\t\t\t<\/div>\n\t\t<\/article>\n\t\t\t\t<article class=\"elementor-post elementor-grid-item post-2958 post type-post status-publish format-standard has-post-thumbnail hentry category-noticias\">\n\t\t\t<div class=\"elementor-post__card\">\n\t\t\t\t<a class=\"elementor-post__thumbnail__link\" href=\"https:\/\/www.abert.org.br\/radioemmovimento\/ainda-da-tempo\/\" ><div class=\"elementor-post__thumbnail\"><img loading=\"lazy\" decoding=\"async\" width=\"300\" height=\"294\" src=\"https:\/\/www.abert.org.br\/radioemmovimento\/wp-content\/uploads\/2022\/09\/radioemmovimento_ultimashoras_votacao-300x294.jpeg\" class=\"attachment-medium size-medium wp-image-2959\" alt=\"\" srcset=\"https:\/\/www.abert.org.br\/radioemmovimento\/wp-content\/uploads\/2022\/09\/radioemmovimento_ultimashoras_votacao-300x294.jpeg 300w, https:\/\/www.abert.org.br\/radioemmovimento\/wp-content\/uploads\/2022\/09\/radioemmovimento_ultimashoras_votacao-1024x1002.jpeg 1024w, https:\/\/www.abert.org.br\/radioemmovimento\/wp-content\/uploads\/2022\/09\/radioemmovimento_ultimashoras_votacao-768x752.jpeg 768w, https:\/\/www.abert.org.br\/radioemmovimento\/wp-content\/uploads\/2022\/09\/radioemmovimento_ultimashoras_votacao.jpeg 1170w\" sizes=\"(max-width: 300px) 100vw, 300px\" \/><\/div><\/a>\n\t\t\t\t<div class=\"elementor-post__badge\">Not\u00edcias<\/div>\n\t\t\t\t<div class=\"elementor-post__text\">\n\t\t\t\t<h3 class=\"elementor-post__title\">\n\t\t\t<a href=\"https:\/\/www.abert.org.br\/radioemmovimento\/ainda-da-tempo\/\" >\n\t\t\t\tAinda d\u00e1 tempo!\t\t\t<\/a>\n\t\t<\/h3>\n\t\t\t\t<div class=\"elementor-post__excerpt\">\n\t\t\t<p>Faltam poucas horas para o encerramento da vota\u00e7\u00e3o. Clique aqui e escolha os finalistas que ir\u00e3o a Bras\u00edlia, serem expostos no Museu Nacional, em novembro!<\/p>\n\t\t<\/div>\n\t\t\n\t\t<a class=\"elementor-post__read-more\" href=\"https:\/\/www.abert.org.br\/radioemmovimento\/ainda-da-tempo\/\" >\n\t\t\tLeia mais \u00bb\t\t<\/a>\n\n\t\t\t\t<\/div>\n\t\t\t\t<div class=\"elementor-post__meta-data\">\n\t\t\t\t\t<span class=\"elementor-post-date\">\n\t\t\t25\/09\/2022\t\t<\/span>\n\t\t\t\t<\/div>\n\t\t\t\t\t<\/div>\n\t\t<\/article>\n\t\t\t\t<article class=\"elementor-post elementor-grid-item post-2897 post type-post status-publish format-standard has-post-thumbnail hentry category-noticias\">\n\t\t\t<div class=\"elementor-post__card\">\n\t\t\t\t<a class=\"elementor-post__thumbnail__link\" href=\"https:\/\/www.abert.org.br\/radioemmovimento\/exposicao-radio-em-movimento-termina-em-florianopolis\/\" ><div class=\"elementor-post__thumbnail\"><img loading=\"lazy\" decoding=\"async\" width=\"300\" height=\"200\" src=\"https:\/\/www.abert.org.br\/radioemmovimento\/wp-content\/uploads\/2022\/09\/WhatsApp-Image-2022-09-23-at-13.48.40-1-300x200.jpeg\" class=\"attachment-medium size-medium wp-image-2905\" alt=\"\" srcset=\"https:\/\/www.abert.org.br\/radioemmovimento\/wp-content\/uploads\/2022\/09\/WhatsApp-Image-2022-09-23-at-13.48.40-1-300x200.jpeg 300w, https:\/\/www.abert.org.br\/radioemmovimento\/wp-content\/uploads\/2022\/09\/WhatsApp-Image-2022-09-23-at-13.48.40-1-1024x682.jpeg 1024w, https:\/\/www.abert.org.br\/radioemmovimento\/wp-content\/uploads\/2022\/09\/WhatsApp-Image-2022-09-23-at-13.48.40-1-768x512.jpeg 768w, https:\/\/www.abert.org.br\/radioemmovimento\/wp-content\/uploads\/2022\/09\/WhatsApp-Image-2022-09-23-at-13.48.40-1.jpeg 1280w\" sizes=\"(max-width: 300px) 100vw, 300px\" \/><\/div><\/a>\n\t\t\t\t<div class=\"elementor-post__badge\">Not\u00edcias<\/div>\n\t\t\t\t<div class=\"elementor-post__text\">\n\t\t\t\t<h3 class=\"elementor-post__title\">\n\t\t\t<a href=\"https:\/\/www.abert.org.br\/radioemmovimento\/exposicao-radio-em-movimento-termina-em-florianopolis\/\" >\n\t\t\t\tExposi\u00e7\u00e3o \u201cR\u00e1dio em Movimento\u201d termina em Florian\u00f3polis\t\t\t<\/a>\n\t\t<\/h3>\n\t\t\t\t<div class=\"elementor-post__excerpt\">\n\t\t\t<p>A\u00e7\u00e3o contou com a participa\u00e7\u00e3o do artista Luciano Martins Depois de percorrer quase 2 mil quil\u00f4metros, a Exposi\u00e7\u00e3o Itinerante \u201cR\u00e1dio e Movimento\u201d completou na \u00faltima<\/p>\n\t\t<\/div>\n\t\t\n\t\t<a class=\"elementor-post__read-more\" href=\"https:\/\/www.abert.org.br\/radioemmovimento\/exposicao-radio-em-movimento-termina-em-florianopolis\/\" >\n\t\t\tLeia mais \u00bb\t\t<\/a>\n\n\t\t\t\t<\/div>\n\t\t\t\t<div class=\"elementor-post__meta-data\">\n\t\t\t\t\t<span class=\"elementor-post-date\">\n\t\t\t23\/09\/2022\t\t<\/span>\n\t\t\t\t<\/div>\n\t\t\t\t\t<\/div>\n\t\t<\/article>\n\t\t\t\t<\/div>\n\n\n\t\t\n\t\t\t\t\t\t<\/div>\n\t\t\t\t<\/div>\n\t\t\t\t\t<\/div>\n\t\t<\/div>\n\t\t\t\t\t<\/div>\n\t\t<\/section>\n\t\t\t\t<section class=\"elementor-section elementor-top-section elementor-element elementor-element-a53f8e3 elementor-section-height-full elementor-section-boxed elementor-section-height-default elementor-section-items-middle\" data-id=\"a53f8e3\" data-element_type=\"section\" data-e-type=\"section\" data-settings=\"{&quot;background_background&quot;:&quot;classic&quot;,&quot;background_motion_fx_motion_fx_scrolling&quot;:&quot;yes&quot;,&quot;background_motion_fx_devices&quot;:[&quot;desktop&quot;,&quot;tablet&quot;,&quot;mobile&quot;]}\">\n\t\t\t\t\t\t\t<div class=\"elementor-background-overlay\"><\/div>\n\t\t\t\t\t\t\t<div class=\"elementor-container elementor-column-gap-default\">\n\t\t\t\t\t<div class=\"elementor-column elementor-col-100 elementor-top-column elementor-element elementor-element-a98bcad\" data-id=\"a98bcad\" data-element_type=\"column\" data-e-type=\"column\">\n\t\t\t<div class=\"elementor-widget-wrap elementor-element-populated\">\n\t\t\t\t\t\t<div class=\"elementor-element elementor-element-9fb9972 elementor-absolute elementor-widget elementor-widget-menu-anchor\" data-id=\"9fb9972\" data-element_type=\"widget\" data-e-type=\"widget\" data-settings=\"{&quot;_position&quot;:&quot;absolute&quot;}\" data-widget_type=\"menu-anchor.default\">\n\t\t\t\t<div class=\"elementor-widget-container\">\n\t\t\t\t\t\t\t<div class=\"elementor-menu-anchor\" id=\"exposicao\"><\/div>\n\t\t\t\t\t\t<\/div>\n\t\t\t\t<\/div>\n\t\t\t\t<div class=\"elementor-element elementor-element-6747f2a elementor-widget elementor-widget-heading\" data-id=\"6747f2a\" data-element_type=\"widget\" data-e-type=\"widget\" data-widget_type=\"heading.default\">\n\t\t\t\t<div class=\"elementor-widget-container\">\n\t\t\t\t\t<h2 class=\"elementor-heading-title elementor-size-default\">AGRADECIMENTOS<\/h2>\t\t\t\t<\/div>\n\t\t\t\t<\/div>\n\t\t\t\t<div class=\"elementor-element elementor-element-8ea03ee elementor-widget elementor-widget-text-editor\" data-id=\"8ea03ee\" data-element_type=\"widget\" data-e-type=\"widget\" data-widget_type=\"text-editor.default\">\n\t\t\t\t<div class=\"elementor-widget-container\">\n\t\t\t\t\t\t\t\t\t<p>A <span style=\"color: #ff00ff;\">ABERT<\/span> agradece a todos que colaboraram com a Mostra R\u00e1dio em Movimento, em especial, \u00e0s associa\u00e7\u00f5es estaduais de radiodifus\u00e3o e sindicatos, \u00e0s emissoras de r\u00e1dio e aos parceiros regionais, como o Instituto Ricardo Cravo Albin, ao Museu da Mem\u00f3ria Audiovisual do Maranh\u00e3o (MAVAM), Arquivo Nacional, Museu da Imagem e do Som (MIS), Mem\u00f3rias do Paran\u00e1 e ao Museu da TV, R\u00e1dio &amp; Cinema.<\/p>\t\t\t\t\t\t\t\t<\/div>\n\t\t\t\t<\/div>\n\t\t\t\t\t<\/div>\n\t\t<\/div>\n\t\t\t\t\t<\/div>\n\t\t<\/section>\n\t\t\t\t<section class=\"elementor-section elementor-top-section elementor-element elementor-element-bd76448 elementor-section-boxed elementor-section-height-default elementor-section-height-default\" data-id=\"bd76448\" data-element_type=\"section\" data-e-type=\"section\" data-settings=\"{&quot;background_background&quot;:&quot;classic&quot;}\">\n\t\t\t\t\t\t\t<div class=\"elementor-background-overlay\"><\/div>\n\t\t\t\t\t\t\t<div class=\"elementor-container elementor-column-gap-default\">\n\t\t\t\t\t<div class=\"elementor-column elementor-col-100 elementor-top-column elementor-element elementor-element-223fcc7\" data-id=\"223fcc7\" data-element_type=\"column\" data-e-type=\"column\">\n\t\t\t<div class=\"elementor-widget-wrap elementor-element-populated\">\n\t\t\t\t\t\t<div class=\"elementor-element elementor-element-93e5ad7 elementor-absolute elementor-widget elementor-widget-menu-anchor\" data-id=\"93e5ad7\" data-element_type=\"widget\" data-e-type=\"widget\" data-settings=\"{&quot;_position&quot;:&quot;absolute&quot;}\" data-widget_type=\"menu-anchor.default\">\n\t\t\t\t<div class=\"elementor-widget-container\">\n\t\t\t\t\t\t\t<div class=\"elementor-menu-anchor\" id=\"ap\"><\/div>\n\t\t\t\t\t\t<\/div>\n\t\t\t\t<\/div>\n\t\t\t\t<div class=\"elementor-element elementor-element-9498f44 elementor-widget elementor-widget-heading\" data-id=\"9498f44\" data-element_type=\"widget\" data-e-type=\"widget\" data-widget_type=\"heading.default\">\n\t\t\t\t<div class=\"elementor-widget-container\">\n\t\t\t\t\t<h2 class=\"elementor-heading-title elementor-size-default\">PARCEIROS<\/h2>\t\t\t\t<\/div>\n\t\t\t\t<\/div>\n\t\t\t\t<div class=\"elementor-element elementor-element-a0d4573 elementor-widget elementor-widget-image-gallery\" data-id=\"a0d4573\" data-element_type=\"widget\" data-e-type=\"widget\" data-widget_type=\"image-gallery.default\">\n\t\t\t\t<div class=\"elementor-widget-container\">\n\t\t\t\t\t\t\t<div class=\"elementor-image-gallery\">\n\t\t\t<div id='gallery-1' class='gallery galleryid-133 gallery-columns-6 gallery-size-full'><figure class='gallery-item'>\n\t\t\t<div class='gallery-icon landscape'>\n\t\t\t\t<img loading=\"lazy\" decoding=\"async\" width=\"100\" height=\"100\" src=\"https:\/\/www.abert.org.br\/radioemmovimento\/wp-content\/uploads\/2022\/09\/molde_logos_associacoes_LOTE01_0000_ABART.png\" class=\"attachment-full size-full\" alt=\"\" \/>\n\t\t\t<\/div><\/figure><figure class='gallery-item'>\n\t\t\t<div class='gallery-icon landscape'>\n\t\t\t\t<img loading=\"lazy\" decoding=\"async\" width=\"100\" height=\"100\" src=\"https:\/\/www.abert.org.br\/radioemmovimento\/wp-content\/uploads\/2022\/09\/molde_logos_associacoes_LOTE01_0006_ACAERT.png\" class=\"attachment-full size-full\" alt=\"\" \/>\n\t\t\t<\/div><\/figure><figure class='gallery-item'>\n\t\t\t<div class='gallery-icon landscape'>\n\t\t\t\t<img loading=\"lazy\" decoding=\"async\" width=\"100\" height=\"100\" src=\"https:\/\/www.abert.org.br\/radioemmovimento\/wp-content\/uploads\/2022\/09\/molde_logos_associacoes_LOTE01_0005_ACERT.png\" class=\"attachment-full size-full\" alt=\"\" \/>\n\t\t\t<\/div><\/figure><figure class='gallery-item'>\n\t\t\t<div class='gallery-icon landscape'>\n\t\t\t\t<img loading=\"lazy\" decoding=\"async\" width=\"100\" height=\"100\" src=\"https:\/\/www.abert.org.br\/radioemmovimento\/wp-content\/uploads\/2022\/09\/molde_logos_associacoes_LOTE02_0006_AERJ.png\" class=\"attachment-full size-full\" alt=\"\" \/>\n\t\t\t<\/div><\/figure><figure class='gallery-item'>\n\t\t\t<div class='gallery-icon landscape'>\n\t\t\t\t<img loading=\"lazy\" decoding=\"async\" width=\"100\" height=\"100\" src=\"https:\/\/www.abert.org.br\/radioemmovimento\/wp-content\/uploads\/2022\/09\/AESP.png\" class=\"attachment-full size-full\" alt=\"\" \/>\n\t\t\t<\/div><\/figure><figure class='gallery-item'>\n\t\t\t<div class='gallery-icon landscape'>\n\t\t\t\t<img loading=\"lazy\" decoding=\"async\" width=\"100\" height=\"100\" src=\"https:\/\/www.abert.org.br\/radioemmovimento\/wp-content\/uploads\/2022\/09\/AERMS.png\" class=\"attachment-full size-full\" alt=\"\" \/>\n\t\t\t<\/div><\/figure><figure class='gallery-item'>\n\t\t\t<div class='gallery-icon landscape'>\n\t\t\t\t<img loading=\"lazy\" decoding=\"async\" width=\"100\" height=\"100\" src=\"https:\/\/www.abert.org.br\/radioemmovimento\/wp-content\/uploads\/2022\/09\/molde_logos_associacoes_LOTE01_0007_AERP.png\" class=\"attachment-full size-full\" alt=\"\" \/>\n\t\t\t<\/div><\/figure><figure class='gallery-item'>\n\t\t\t<div class='gallery-icon landscape'>\n\t\t\t\t<img loading=\"lazy\" decoding=\"async\" width=\"100\" height=\"100\" src=\"https:\/\/www.abert.org.br\/radioemmovimento\/wp-content\/uploads\/2022\/09\/AERTES.png\" class=\"attachment-full size-full\" alt=\"\" \/>\n\t\t\t<\/div><\/figure><figure class='gallery-item'>\n\t\t\t<div class='gallery-icon landscape'>\n\t\t\t\t<img loading=\"lazy\" decoding=\"async\" width=\"100\" height=\"100\" src=\"https:\/\/www.abert.org.br\/radioemmovimento\/wp-content\/uploads\/2022\/09\/molde_logos_associacoes_LOTE02_0001_AERTO.png\" class=\"attachment-full size-full\" alt=\"\" \/>\n\t\t\t<\/div><\/figure><figure class='gallery-item'>\n\t\t\t<div class='gallery-icon landscape'>\n\t\t\t\t<img loading=\"lazy\" decoding=\"async\" width=\"100\" height=\"100\" src=\"https:\/\/www.abert.org.br\/radioemmovimento\/wp-content\/uploads\/2022\/09\/molde_logos_associacoes_LOTE02_0005_AGERT.png\" class=\"attachment-full size-full\" alt=\"\" \/>\n\t\t\t<\/div><\/figure><figure class='gallery-item'>\n\t\t\t<div class='gallery-icon landscape'>\n\t\t\t\t<img loading=\"lazy\" decoding=\"async\" width=\"100\" height=\"100\" src=\"https:\/\/www.abert.org.br\/radioemmovimento\/wp-content\/uploads\/2022\/09\/AGOERT.png\" class=\"attachment-full size-full\" alt=\"\" \/>\n\t\t\t<\/div><\/figure><figure class='gallery-item'>\n\t\t\t<div class='gallery-icon landscape'>\n\t\t\t\t<img loading=\"lazy\" decoding=\"async\" width=\"100\" height=\"100\" src=\"https:\/\/www.abert.org.br\/radioemmovimento\/wp-content\/uploads\/2022\/09\/molde_logos_associacoes_LOTE01_0004_AMART.png\" class=\"attachment-full size-full\" alt=\"\" \/>\n\t\t\t<\/div><\/figure><figure class='gallery-item'>\n\t\t\t<div class='gallery-icon landscape'>\n\t\t\t\t<img loading=\"lazy\" decoding=\"async\" width=\"100\" height=\"100\" src=\"https:\/\/www.abert.org.br\/radioemmovimento\/wp-content\/uploads\/2022\/09\/molde_logos_associacoes_LOTE02_0000_AMERT.png\" class=\"attachment-full size-full\" alt=\"\" \/>\n\t\t\t<\/div><\/figure><figure class='gallery-item'>\n\t\t\t<div class='gallery-icon landscape'>\n\t\t\t\t<img loading=\"lazy\" decoding=\"async\" width=\"100\" height=\"100\" src=\"https:\/\/www.abert.org.br\/radioemmovimento\/wp-content\/uploads\/2022\/09\/molde_logos_associacoes_LOTE02_0007_AMIRT.png\" class=\"attachment-full size-full\" alt=\"\" \/>\n\t\t\t<\/div><\/figure><figure class='gallery-item'>\n\t\t\t<div class='gallery-icon landscape'>\n\t\t\t\t<img loading=\"lazy\" decoding=\"async\" width=\"100\" height=\"100\" src=\"https:\/\/www.abert.org.br\/radioemmovimento\/wp-content\/uploads\/2022\/09\/APERT.png\" class=\"attachment-full size-full\" alt=\"\" \/>\n\t\t\t<\/div><\/figure><figure class='gallery-item'>\n\t\t\t<div class='gallery-icon landscape'>\n\t\t\t\t<img loading=\"lazy\" decoding=\"async\" width=\"100\" height=\"100\" src=\"https:\/\/www.abert.org.br\/radioemmovimento\/wp-content\/uploads\/2022\/09\/APOERT.png\" class=\"attachment-full size-full\" alt=\"\" \/>\n\t\t\t<\/div><\/figure><figure class='gallery-item'>\n\t\t\t<div class='gallery-icon landscape'>\n\t\t\t\t<img loading=\"lazy\" decoding=\"async\" width=\"100\" height=\"100\" src=\"https:\/\/www.abert.org.br\/radioemmovimento\/wp-content\/uploads\/2022\/09\/molde_logos_associacoes_LOTE01_0003_ASSERP.png\" class=\"attachment-full size-full\" alt=\"\" \/>\n\t\t\t<\/div><\/figure><figure class='gallery-item'>\n\t\t\t<div class='gallery-icon landscape'>\n\t\t\t\t<img loading=\"lazy\" decoding=\"async\" width=\"100\" height=\"100\" src=\"https:\/\/www.abert.org.br\/radioemmovimento\/wp-content\/uploads\/2022\/09\/molde_logos_associacoes_LOTE01_0002_ASSERPE.png\" class=\"attachment-full size-full\" alt=\"\" \/>\n\t\t\t<\/div><\/figure><figure class='gallery-item'>\n\t\t\t<div class='gallery-icon landscape'>\n\t\t\t\t<img loading=\"lazy\" decoding=\"async\" width=\"100\" height=\"100\" src=\"https:\/\/www.abert.org.br\/radioemmovimento\/wp-content\/uploads\/2022\/09\/AVEC-DF.png\" class=\"attachment-full size-full\" alt=\"\" \/>\n\t\t\t<\/div><\/figure><figure class='gallery-item'>\n\t\t\t<div class='gallery-icon landscape'>\n\t\t\t\t<img loading=\"lazy\" decoding=\"async\" width=\"100\" height=\"100\" src=\"https:\/\/www.abert.org.br\/radioemmovimento\/wp-content\/uploads\/2022\/09\/SINERTEJ-SE.png\" class=\"attachment-full size-full\" alt=\"\" \/>\n\t\t\t<\/div><\/figure><figure class='gallery-item'>\n\t\t\t<div class='gallery-icon landscape'>\n\t\t\t\t<img loading=\"lazy\" decoding=\"async\" width=\"100\" height=\"100\" src=\"https:\/\/www.abert.org.br\/radioemmovimento\/wp-content\/uploads\/2022\/09\/JONNIER-ART-GALLERY.png\" class=\"attachment-full size-full\" alt=\"\" \/>\n\t\t\t<\/div><\/figure><figure class='gallery-item'>\n\t\t\t<div class='gallery-icon landscape'>\n\t\t\t\t<img loading=\"lazy\" decoding=\"async\" width=\"100\" height=\"100\" src=\"https:\/\/www.abert.org.br\/radioemmovimento\/wp-content\/uploads\/2022\/09\/molde_logos_associacoes_LOTE02_0002_REDE-AMAZO\u0302NICA.png\" class=\"attachment-full size-full\" alt=\"\" \/>\n\t\t\t<\/div><\/figure><figure class='gallery-item'>\n\t\t\t<div class='gallery-icon landscape'>\n\t\t\t\t<img loading=\"lazy\" decoding=\"async\" width=\"100\" height=\"100\" src=\"https:\/\/www.abert.org.br\/radioemmovimento\/wp-content\/uploads\/2022\/09\/molde_logos_associacoes_LOTE02_0004_REDE-CLUBE.png\" class=\"attachment-full size-full\" alt=\"\" \/>\n\t\t\t<\/div><\/figure><figure class='gallery-item'>\n\t\t\t<div class='gallery-icon landscape'>\n\t\t\t\t<img loading=\"lazy\" decoding=\"async\" width=\"100\" height=\"100\" src=\"https:\/\/www.abert.org.br\/radioemmovimento\/wp-content\/uploads\/2022\/09\/molde_logos_associacoes_LOTE02_0003_TV-GAZETA-ALAGOAS.png\" class=\"attachment-full size-full\" alt=\"\" \/>\n\t\t\t<\/div><\/figure><figure class='gallery-item'>\n\t\t\t<div class='gallery-icon landscape'>\n\t\t\t\t<img loading=\"lazy\" decoding=\"async\" width=\"100\" height=\"100\" src=\"https:\/\/www.abert.org.br\/radioemmovimento\/wp-content\/uploads\/2022\/09\/molde_logos_associacoes_LOTE01_0001_SISTEMA-GOLFINHO.png\" class=\"attachment-full size-full\" alt=\"\" \/>\n\t\t\t<\/div><\/figure>\n\t\t<\/div>\n\t\t<\/div>\n\t\t\t\t\t\t<\/div>\n\t\t\t\t<\/div>\n\t\t\t\t\t<\/div>\n\t\t<\/div>\n\t\t\t\t\t<\/div>\n\t\t<\/section>\n\t\t\t\t<\/div>\n\t\t","protected":false},"excerpt":{"rendered":"<p>A EXPOSI\u00c7\u00c3O A Mostra \u201cR\u00e1dio em Movimento\u201d une arte e cultura ao homenagear o centen\u00e1rio do r\u00e1dio e da Semana de Arte Moderna. A ABERT contou com o apoio das associa\u00e7\u00f5es estaduais de radiodifus\u00e3o. S\u00e3o 81 r\u00e1dios modelo capelinha, um dos mais populares da d\u00e9cada de 1940, personalizados por tr\u00eas artistas de cada estado brasileiro [&hellip;]<\/p>\n","protected":false},"author":1,"featured_media":0,"parent":0,"menu_order":0,"comment_status":"closed","ping_status":"closed","template":"elementor_canvas","meta":{"footnotes":""},"class_list":["post-133","page","type-page","status-publish","hentry"],"_links":{"self":[{"href":"https:\/\/www.abert.org.br\/radioemmovimento\/wp-json\/wp\/v2\/pages\/133","targetHints":{"allow":["GET"]}}],"collection":[{"href":"https:\/\/www.abert.org.br\/radioemmovimento\/wp-json\/wp\/v2\/pages"}],"about":[{"href":"https:\/\/www.abert.org.br\/radioemmovimento\/wp-json\/wp\/v2\/types\/page"}],"author":[{"embeddable":true,"href":"https:\/\/www.abert.org.br\/radioemmovimento\/wp-json\/wp\/v2\/users\/1"}],"replies":[{"embeddable":true,"href":"https:\/\/www.abert.org.br\/radioemmovimento\/wp-json\/wp\/v2\/comments?post=133"}],"version-history":[{"count":239,"href":"https:\/\/www.abert.org.br\/radioemmovimento\/wp-json\/wp\/v2\/pages\/133\/revisions"}],"predecessor-version":[{"id":2981,"href":"https:\/\/www.abert.org.br\/radioemmovimento\/wp-json\/wp\/v2\/pages\/133\/revisions\/2981"}],"wp:attachment":[{"href":"https:\/\/www.abert.org.br\/radioemmovimento\/wp-json\/wp\/v2\/media?parent=133"}],"curies":[{"name":"wp","href":"https:\/\/api.w.org\/{rel}","templated":true}]}}